{"id":3174,"date":"2018-01-17T12:11:05","date_gmt":"2018-01-17T11:11:05","guid":{"rendered":"https:\/\/artech-consulting.de\/?page_id=3174"},"modified":"2018-11-26T12:34:59","modified_gmt":"2018-11-26T11:34:59","slug":"treffen-mit-vertretern-des-jobcenters-koeln","status":"publish","type":"page","link":"https:\/\/artech-consulting.de\/en\/aktuelles\/inside-artech\/treffen-mit-vertretern-des-jobcenters-koeln\/","title":{"rendered":"Treffen mit Vertretern des Jobcenters K\u00f6ln"},"content":{"rendered":"<p>Am Dienstag, den 16. Januar 2018, waren am fr\u00fchen Abend gemeinsam mit Herrn Schulz, Frau Arimond (Leiterin des Integration Points des Jobcenters K\u00f6ln), Frau L\u00fcder (Fachleiterin f\u00fcr Fl\u00fcchtlingsintegration des Jobcenters K\u00f6ln), Herr von Geffen (Leiter des Wirtschaftsausschusses des SPD Rates) und Herr Joisten (Integrations- und wirtschaftspolitische Sprecher der SPD-Fraktion) zu Gast bei ARTECH Consulting.<br \/>\n&nbsp;<br \/>\nIm Zuge vorangegangener Termine mit Herrn Schulz wurde ein weiteres Treffen arrangiert, um auch Vertretern der Stadt K\u00f6ln sowie dem Jobcenter K\u00f6ln das Pilotprojekt &#8216;ARTECH Coaching&#8217; vorzustellen. Die anwesenden Personen sollten sich auf diese Weise ein pers\u00f6nliches Bild von der Arbeit und der Idee des Konzeptes machen. Als Qualifizierungsma\u00dfnahme verfolgt &#8216;ARTECH Coaching&#8217; das Ziel, in Deutschland lebenden Fl\u00fcchtlingen eine berufliche Perspektive zu erm\u00f6glichen. Innerhalb von 18 Monaten erhalten die Teilnehmer die Chance, sich neben fachlichen auch Handlungskompetenzen anzueignen, um anschlie\u00dfend potenzielle Arbeitnehmer f\u00fcr den Arbeitsmarkt zu sein. Da vor allem der Integrations Point eine Anlaufstelle f\u00fcr Zuwanderer ist und sich insbesondere mit Eingliederungsangeboten, Sprachkursen und Arbeitsvermittlung befasst, fand die Qualifizierungsma\u00dfnahme bei den anwesenden G\u00e4sten gro\u00dfen Zuspruch. Vor allem die Merkmale wie das multikulturelle Verst\u00e4ndnis sowie die N\u00e4he zur Wirtschaft der ARTECH Consulting sind wichtige Eigenschaften f\u00fcr das bereits in der Stadt Monheim gestartete Pilotprojekt.<br \/>\n&nbsp;<br \/>\nIm Anschluss an die Projektpr\u00e4sentation folgte ein konstruktiver Austausch, wo sowohl die M\u00f6glichkeiten als auch die Grenzen f\u00fcr eine Kooperation mit dem Jobcenter K\u00f6ln diskutiert wurden. F\u00fcr beide Seiten war das Treffen sehr informativ und ein Grundstein f\u00fcr weitere Gespr\u00e4che.<\/p>","protected":false},"excerpt":{"rendered":"<p>Am Dienstag, den 16. Januar 2018, waren am fr\u00fchen Abend gemeinsam mit Herrn Schulz, Frau Arimond (Leiterin des Integration Points des Jobcenters K\u00f6ln), Frau L\u00fcder (Fachleiterin f\u00fcr Fl\u00fcchtlingsintegration des Jobcenters K\u00f6ln), Herr von Geffen (Leiter des Wirtschaftsausschusses des SPD Rates) <a href=\"https:\/\/artech-consulting.de\/en\/aktuelles\/inside-artech\/treffen-mit-vertretern-des-jobcenters-koeln\/\" class=\"read-more\">Read More<\/a><\/p>\n","protected":false},"author":1,"featured_media":0,"parent":4397,"menu_order":0,"comment_status":"closed","ping_status":"closed","template":"","meta":{"footnotes":""},"yoast_head":"<!-- This site is optimized with the Yoast SEO plugin v23.5 - https:\/\/yoast.com\/wordpress\/plugins\/seo\/ -->\n<title>Treffen mit Vertretern des Jobcenters K\u00f6ln -<\/title>\n<meta name=\"description\" content=\"Die ARTECH Consulting hatte am 16.01. 2018 Vetreter des Jobcenters K\u00f6ln zu Gast. Bei dem Treffen ging es, um die Vorstellung des Projektes ARTECH Coaching.\" \/>\n<meta name=\"robots\" content=\"index, follow, max-snippet:-1, max-image-preview:large, max-video-preview:-1\" \/>\n<link rel=\"canonical\" href=\"https:\/\/artech-consulting.de\/aktuelles\/inside-artech\/treffen-mit-vertretern-des-jobcenters-koeln\/\" \/>\n<meta property=\"og:locale\" content=\"en_US\" \/>\n<meta property=\"og:type\" content=\"article\" \/>\n<meta property=\"og:title\" content=\"Treffen mit Vertretern des Jobcenters K\u00f6ln\" \/>\n<meta property=\"og:description\" content=\"Die ARTECH Consulting hatte am 16. Januar 2018 Vetreter des Jobcenters K\u00f6ln zu Gast. Bei dem Treffen ging es vorrangig, um die Vorstellung des Pilotprojektes &#039;ARTECH Coaching&#039;.\" \/>\n<meta property=\"og:url\" content=\"https:\/\/artech-consulting.de\/aktuelles\/inside-artech\/treffen-mit-vertretern-des-jobcenters-koeln\/\" \/>\n<meta property=\"article:publisher\" content=\"https:\/\/www.facebook.com\/ARTECH-Consulting-GmbH-367676580239744\/\" \/>\n<meta property=\"article:modified_time\" content=\"2018-11-26T11:34:59+00:00\" \/>\n<meta name=\"twitter:card\" content=\"summary_large_image\" \/>\n<meta name=\"twitter:image\" content=\"https:\/\/artech-consulting.de\/wp-content\/uploads\/2018\/01\/IMG-20180117-WA0007.jpg\" \/>\n<meta name=\"twitter:label1\" content=\"Est. reading time\" \/>\n\t<meta name=\"twitter:data1\" content=\"3 minutes\" \/>\n<script type=\"application\/ld+json\" class=\"yoast-schema-graph\">{\"@context\":\"https:\/\/schema.org\",\"@graph\":[{\"@type\":\"WebPage\",\"@id\":\"https:\/\/artech-consulting.de\/aktuelles\/inside-artech\/treffen-mit-vertretern-des-jobcenters-koeln\/\",\"url\":\"https:\/\/artech-consulting.de\/aktuelles\/inside-artech\/treffen-mit-vertretern-des-jobcenters-koeln\/\",\"name\":\"Treffen mit Vertretern des Jobcenters K\u00f6ln -\",\"isPartOf\":{\"@id\":\"https:\/\/artech-consulting.de\/#website\"},\"primaryImageOfPage\":{\"@id\":\"https:\/\/artech-consulting.de\/aktuelles\/inside-artech\/treffen-mit-vertretern-des-jobcenters-koeln\/#primaryimage\"},\"image\":{\"@id\":\"https:\/\/artech-consulting.de\/aktuelles\/inside-artech\/treffen-mit-vertretern-des-jobcenters-koeln\/#primaryimage\"},\"thumbnailUrl\":\"https:\/\/artech-consulting.de\/wp-content\/uploads\/2018\/01\/IMG-20180117-WA0007.jpg\",\"datePublished\":\"2018-01-17T11:11:05+00:00\",\"dateModified\":\"2018-11-26T11:34:59+00:00\",\"description\":\"Die ARTECH Consulting hatte am 16.01. 2018 Vetreter des Jobcenters K\u00f6ln zu Gast. Bei dem Treffen ging es, um die Vorstellung des Projektes ARTECH Coaching.\",\"breadcrumb\":{\"@id\":\"https:\/\/artech-consulting.de\/aktuelles\/inside-artech\/treffen-mit-vertretern-des-jobcenters-koeln\/#breadcrumb\"},\"inLanguage\":\"en-US\",\"potentialAction\":[{\"@type\":\"ReadAction\",\"target\":[\"https:\/\/artech-consulting.de\/aktuelles\/inside-artech\/treffen-mit-vertretern-des-jobcenters-koeln\/\"]}]},{\"@type\":\"ImageObject\",\"inLanguage\":\"en-US\",\"@id\":\"https:\/\/artech-consulting.de\/aktuelles\/inside-artech\/treffen-mit-vertretern-des-jobcenters-koeln\/#primaryimage\",\"url\":\"https:\/\/artech-consulting.de\/wp-content\/uploads\/2018\/01\/IMG-20180117-WA0007.jpg\",\"contentUrl\":\"https:\/\/artech-consulting.de\/wp-content\/uploads\/2018\/01\/IMG-20180117-WA0007.jpg\"},{\"@type\":\"BreadcrumbList\",\"@id\":\"https:\/\/artech-consulting.de\/aktuelles\/inside-artech\/treffen-mit-vertretern-des-jobcenters-koeln\/#breadcrumb\",\"itemListElement\":[{\"@type\":\"ListItem\",\"position\":1,\"name\":\"Home\",\"item\":\"https:\/\/artech-consulting.de\/\"},{\"@type\":\"ListItem\",\"position\":2,\"name\":\"Aktuelles\",\"item\":\"https:\/\/artech-consulting.de\/aktuelles\/\"},{\"@type\":\"ListItem\",\"position\":3,\"name\":\"Inside ARTECH\",\"item\":\"https:\/\/artech-consulting.de\/aktuelles\/inside-artech\/\"},{\"@type\":\"ListItem\",\"position\":4,\"name\":\"Treffen mit Vertretern des Jobcenters K\u00f6ln\"}]},{\"@type\":\"WebSite\",\"@id\":\"https:\/\/artech-consulting.de\/#website\",\"url\":\"https:\/\/artech-consulting.de\/\",\"name\":\"\",\"description\":\"\",\"publisher\":{\"@id\":\"https:\/\/artech-consulting.de\/#organization\"},\"potentialAction\":[{\"@type\":\"SearchAction\",\"target\":{\"@type\":\"EntryPoint\",\"urlTemplate\":\"https:\/\/artech-consulting.de\/?s={search_term_string}\"},\"query-input\":{\"@type\":\"PropertyValueSpecification\",\"valueRequired\":true,\"valueName\":\"search_term_string\"}}],\"inLanguage\":\"en-US\"},{\"@type\":\"Organization\",\"@id\":\"https:\/\/artech-consulting.de\/#organization\",\"name\":\"Artecch Consulting\",\"url\":\"https:\/\/artech-consulting.de\/\",\"logo\":{\"@type\":\"ImageObject\",\"inLanguage\":\"en-US\",\"@id\":\"https:\/\/artech-consulting.de\/#\/schema\/logo\/image\/\",\"url\":\"https:\/\/artech-consulting.de\/wp-content\/uploads\/2015\/06\/cropped-ARTech_Logo_rgb_600frei.png\",\"contentUrl\":\"https:\/\/artech-consulting.de\/wp-content\/uploads\/2015\/06\/cropped-ARTech_Logo_rgb_600frei.png\",\"width\":6805,\"height\":1554,\"caption\":\"Artecch Consulting\"},\"image\":{\"@id\":\"https:\/\/artech-consulting.de\/#\/schema\/logo\/image\/\"},\"sameAs\":[\"https:\/\/www.facebook.com\/ARTECH-Consulting-GmbH-367676580239744\/\",\"https:\/\/www.linkedin.com\/company\/artech-consulting-gmbh?report_success=8jyhy2niUpAFvknlZbso8OXCShshmpUnzp3NjIJ2m7yhSVK6-d3cj9EZShsc4o_DdpkqGOtZmrfmVAwicnuvayqF\"]}]}<\/script>\n<!-- \/ Yoast SEO plugin. -->","yoast_head_json":{"title":"Treffen mit Vertretern des Jobcenters K\u00f6ln -","description":"Die ARTECH Consulting hatte am 16.01. 2018 Vetreter des Jobcenters K\u00f6ln zu Gast. Bei dem Treffen ging es, um die Vorstellung des Projektes ARTECH Coaching.","robots":{"index":"index","follow":"follow","max-snippet":"max-snippet:-1","max-image-preview":"max-image-preview:large","max-video-preview":"max-video-preview:-1"},"canonical":"https:\/\/artech-consulting.de\/aktuelles\/inside-artech\/treffen-mit-vertretern-des-jobcenters-koeln\/","og_locale":"en_US","og_type":"article","og_title":"Treffen mit Vertretern des Jobcenters K\u00f6ln","og_description":"Die ARTECH Consulting hatte am 16. Januar 2018 Vetreter des Jobcenters K\u00f6ln zu Gast. Bei dem Treffen ging es vorrangig, um die Vorstellung des Pilotprojektes 'ARTECH Coaching'.","og_url":"https:\/\/artech-consulting.de\/aktuelles\/inside-artech\/treffen-mit-vertretern-des-jobcenters-koeln\/","article_publisher":"https:\/\/www.facebook.com\/ARTECH-Consulting-GmbH-367676580239744\/","article_modified_time":"2018-11-26T11:34:59+00:00","twitter_card":"summary_large_image","twitter_image":"https:\/\/artech-consulting.de\/wp-content\/uploads\/2018\/01\/IMG-20180117-WA0007.jpg","twitter_misc":{"Est. reading time":"3 minutes"},"schema":{"@context":"https:\/\/schema.org","@graph":[{"@type":"WebPage","@id":"https:\/\/artech-consulting.de\/aktuelles\/inside-artech\/treffen-mit-vertretern-des-jobcenters-koeln\/","url":"https:\/\/artech-consulting.de\/aktuelles\/inside-artech\/treffen-mit-vertretern-des-jobcenters-koeln\/","name":"Treffen mit Vertretern des Jobcenters K\u00f6ln -","isPartOf":{"@id":"https:\/\/artech-consulting.de\/#website"},"primaryImageOfPage":{"@id":"https:\/\/artech-consulting.de\/aktuelles\/inside-artech\/treffen-mit-vertretern-des-jobcenters-koeln\/#primaryimage"},"image":{"@id":"https:\/\/artech-consulting.de\/aktuelles\/inside-artech\/treffen-mit-vertretern-des-jobcenters-koeln\/#primaryimage"},"thumbnailUrl":"https:\/\/artech-consulting.de\/wp-content\/uploads\/2018\/01\/IMG-20180117-WA0007.jpg","datePublished":"2018-01-17T11:11:05+00:00","dateModified":"2018-11-26T11:34:59+00:00","description":"Die ARTECH Consulting hatte am 16.01. 2018 Vetreter des Jobcenters K\u00f6ln zu Gast. Bei dem Treffen ging es, um die Vorstellung des Projektes ARTECH Coaching.","breadcrumb":{"@id":"https:\/\/artech-consulting.de\/aktuelles\/inside-artech\/treffen-mit-vertretern-des-jobcenters-koeln\/#breadcrumb"},"inLanguage":"en-US","potentialAction":[{"@type":"ReadAction","target":["https:\/\/artech-consulting.de\/aktuelles\/inside-artech\/treffen-mit-vertretern-des-jobcenters-koeln\/"]}]},{"@type":"ImageObject","inLanguage":"en-US","@id":"https:\/\/artech-consulting.de\/aktuelles\/inside-artech\/treffen-mit-vertretern-des-jobcenters-koeln\/#primaryimage","url":"https:\/\/artech-consulting.de\/wp-content\/uploads\/2018\/01\/IMG-20180117-WA0007.jpg","contentUrl":"https:\/\/artech-consulting.de\/wp-content\/uploads\/2018\/01\/IMG-20180117-WA0007.jpg"},{"@type":"BreadcrumbList","@id":"https:\/\/artech-consulting.de\/aktuelles\/inside-artech\/treffen-mit-vertretern-des-jobcenters-koeln\/#breadcrumb","itemListElement":[{"@type":"ListItem","position":1,"name":"Home","item":"https:\/\/artech-consulting.de\/"},{"@type":"ListItem","position":2,"name":"Aktuelles","item":"https:\/\/artech-consulting.de\/aktuelles\/"},{"@type":"ListItem","position":3,"name":"Inside ARTECH","item":"https:\/\/artech-consulting.de\/aktuelles\/inside-artech\/"},{"@type":"ListItem","position":4,"name":"Treffen mit Vertretern des Jobcenters K\u00f6ln"}]},{"@type":"WebSite","@id":"https:\/\/artech-consulting.de\/#website","url":"https:\/\/artech-consulting.de\/","name":"","description":"","publisher":{"@id":"https:\/\/artech-consulting.de\/#organization"},"potentialAction":[{"@type":"SearchAction","target":{"@type":"EntryPoint","urlTemplate":"https:\/\/artech-consulting.de\/?s={search_term_string}"},"query-input":{"@type":"PropertyValueSpecification","valueRequired":true,"valueName":"search_term_string"}}],"inLanguage":"en-US"},{"@type":"Organization","@id":"https:\/\/artech-consulting.de\/#organization","name":"Artecch Consulting","url":"https:\/\/artech-consulting.de\/","logo":{"@type":"ImageObject","inLanguage":"en-US","@id":"https:\/\/artech-consulting.de\/#\/schema\/logo\/image\/","url":"https:\/\/artech-consulting.de\/wp-content\/uploads\/2015\/06\/cropped-ARTech_Logo_rgb_600frei.png","contentUrl":"https:\/\/artech-consulting.de\/wp-content\/uploads\/2015\/06\/cropped-ARTech_Logo_rgb_600frei.png","width":6805,"height":1554,"caption":"Artecch Consulting"},"image":{"@id":"https:\/\/artech-consulting.de\/#\/schema\/logo\/image\/"},"sameAs":["https:\/\/www.facebook.com\/ARTECH-Consulting-GmbH-367676580239744\/","https:\/\/www.linkedin.com\/company\/artech-consulting-gmbh?report_success=8jyhy2niUpAFvknlZbso8OXCShshmpUnzp3NjIJ2m7yhSVK6-d3cj9EZShsc4o_DdpkqGOtZmrfmVAwicnuvayqF"]}]}},"_links":{"self":[{"href":"https:\/\/artech-consulting.de\/en\/wp-json\/wp\/v2\/pages\/3174"}],"collection":[{"href":"https:\/\/artech-consulting.de\/en\/wp-json\/wp\/v2\/pages"}],"about":[{"href":"https:\/\/artech-consulting.de\/en\/wp-json\/wp\/v2\/types\/page"}],"author":[{"embeddable":true,"href":"https:\/\/artech-consulting.de\/en\/wp-json\/wp\/v2\/users\/1"}],"replies":[{"embeddable":true,"href":"https:\/\/artech-consulting.de\/en\/wp-json\/wp\/v2\/comments?post=3174"}],"version-history":[{"count":9,"href":"https:\/\/artech-consulting.de\/en\/wp-json\/wp\/v2\/pages\/3174\/revisions"}],"predecessor-version":[{"id":3181,"href":"https:\/\/artech-consulting.de\/en\/wp-json\/wp\/v2\/pages\/3174\/revisions\/3181"}],"up":[{"embeddable":true,"href":"https:\/\/artech-consulting.de\/en\/wp-json\/wp\/v2\/pages\/4397"}],"wp:attachment":[{"href":"https:\/\/artech-consulting.de\/en\/wp-json\/wp\/v2\/media?parent=3174"}],"curies":[{"name":"wp","href":"https:\/\/api.w.org\/{rel}","templated":true}]}}